{"id":6658,"date":"2024-01-09T09:17:18","date_gmt":"2024-01-09T09:17:18","guid":{"rendered":"https:\/\/www.zelazkow.pl\/?page_id=6658"},"modified":"2024-09-25T12:38:20","modified_gmt":"2024-09-25T12:38:20","slug":"jednostki","status":"publish","type":"page","link":"https:\/\/www.zelazkow.pl\/?page_id=6658","title":{"rendered":"Referaty"},"content":{"rendered":"\t\t<div data-elementor-type=\"wp-page\" data-elementor-id=\"6658\" class=\"elementor elementor-6658\">\n\t\t\t\t\t\t\t\t\t<section class=\"elementor-section elementor-top-section elementor-element elementor-element-73a8352 elementor-section-boxed elementor-section-height-default elementor-section-height-default\" data-id=\"73a8352\" data-element_type=\"section\" data-settings=\"{&quot;jet_parallax_layout_list&quot;:[]}\">\n\t\t\t\t\t\t<div class=\"elementor-container elementor-column-gap-default\">\n\t\t\t\t\t<div class=\"elementor-column elementor-col-100 elementor-top-column elementor-element elementor-element-aa3ba1d\" data-id=\"aa3ba1d\" data-element_type=\"column\">\n\t\t\t<div class=\"elementor-widget-wrap elementor-element-populated\">\n\t\t\t\t\t\t\t\t<div class=\"elementor-element elementor-element-196bf0b elementor-widget__width-initial elementor-widget elementor-widget-text-editor\" data-id=\"196bf0b\" data-element_type=\"widget\" data-widget_type=\"text-editor.default\">\n\t\t\t\t<div class=\"elementor-widget-container\">\n\t\t\t<style>\/*! elementor - v3.18.0 - 20-12-2023 *\/\n.elementor-widget-text-editor.elementor-drop-cap-view-stacked .elementor-drop-cap{background-color:#69727d;color:#fff}.elementor-widget-text-editor.elementor-drop-cap-view-framed .elementor-drop-cap{color:#69727d;border:3px solid;background-color:transparent}.elementor-widget-text-editor:not(.elementor-drop-cap-view-default) .elementor-drop-cap{margin-top:8px}.elementor-widget-text-editor:not(.elementor-drop-cap-view-default) .elementor-drop-cap-letter{width:1em;height:1em}.elementor-widget-text-editor .elementor-drop-cap{float:left;text-align:center;line-height:1;font-size:50px}.elementor-widget-text-editor .elementor-drop-cap-letter{display:inline-block}<\/style>\t\t\t\t<p><img decoding=\"async\" class=\"alignnone\" src=\"https:\/\/www.zelazkow.pl\/wp-content\/uploads\/2024\/01\/Herb2-246x300.jpg\" alt=\"Herb\" width=\"33\" height=\"40\" \/><span style=\"font-family: Arial, sans-serif;\"><b>\u00a0 W\u00f3jt Gminy \u017belazk\u00f3w<\/b> \u2013 Micha\u0142 Kraszkiewicz \u2013 pok\u00f3j 11 \u2013 62\u00a0752 18 80<\/span><\/p>\t\t\t\t\t\t<\/div>\n\t\t\t\t<\/div>\n\t\t\t\t<div class=\"elementor-element elementor-element-0b7975d elementor-widget__width-initial elementor-widget elementor-widget-text-editor\" data-id=\"0b7975d\" data-element_type=\"widget\" data-widget_type=\"text-editor.default\">\n\t\t\t\t<div class=\"elementor-widget-container\">\n\t\t\t\t\t\t\t<p><img decoding=\"async\" src=\"https:\/\/www.zelazkow.pl\/wp-content\/uploads\/2024\/01\/Herb2-246x300.jpg\" alt=\"Herb\" width=\"33\" height=\"40\"><span style=\"font-family: Arial, sans-serif;\"><b>&nbsp; Zast\u0119pca W\u00f3jta Gminy \u017belazk\u00f3w<\/b> \u2013 Anna Sar \u2013 <\/span><span style=\"font-family: Arial, sans-serif;\">Sala \u015alub\u00f3w<\/span><span style=\"font-family: Arial, sans-serif;\"> \u2013 62&nbsp;752 18 63<br><\/span><\/p>\t\t\t\t\t\t<\/div>\n\t\t\t\t<\/div>\n\t\t\t\t<div class=\"elementor-element elementor-element-563528c elementor-widget__width-initial elementor-widget elementor-widget-text-editor\" data-id=\"563528c\" data-element_type=\"widget\" data-widget_type=\"text-editor.default\">\n\t\t\t\t<div class=\"elementor-widget-container\">\n\t\t\t\t\t\t\t<p><img decoding=\"async\" class=\"alignnone\" src=\"https:\/\/www.zelazkow.pl\/wp-content\/uploads\/2024\/01\/Herb2-246x300.jpg\" alt=\"Herb\" width=\"33\" height=\"40\" \/><span style=\"font-family: Arial, sans-serif;\"><b>\u00a0 Referat administracyjny<\/b> <br \/><\/span><\/p>\t\t\t\t\t\t<\/div>\n\t\t\t\t<\/div>\n\t\t\t\t<div class=\"elementor-element elementor-element-08de9f2 elementor-widget elementor-widget-text-editor\" data-id=\"08de9f2\" data-element_type=\"widget\" data-widget_type=\"text-editor.default\">\n\t\t\t\t<div class=\"elementor-widget-container\">\n\t\t\t\t\t\t\t<p><span style=\"font-family: Arial, sans-serif;\"><b>\u00a0\u00a0 &#8211; Sekretarz Gminy \u017belazk\u00f3w \u2013 <\/b>Jaros\u0142aw Matusiak \u2013\u00a0<\/span><span style=\"font-family: Arial, sans-serif;\">pok\u00f3j 13<\/span><span style=\"font-family: Arial, sans-serif;\"> \u2013 62\u00a0752 18 57<br \/><strong>\u00a0\u00a0 &#8211;<\/strong> <b>podinspektor. ds. organizacyjnych i Rady Gminy<\/b> &#8211; Agnieszka Koralewska \u2013 pok\u00f3j 11 \u2013 62\u00a0752 18 50<br \/><b>\u00a0\u00a0 &#8211; inspektor. ds. zam\u00f3wie\u0144 publicznych, inwentaryzacji, BHP i Centralnego Rejestru Um\u00f3w<\/b> \u2013 Iwona Kie\u0142bik \u2013 pok\u00f3j 3 \u2013 62\u00a0752 18 71<br \/><strong>\u00a0 &#8211; <\/strong><b>informatyk<\/b> \u2013 Bogumi\u0142a Kot \u2013 pok\u00f3j 12 \u2013 62\u00a0752 18 58<br \/><\/span><b>\u00a0\u00a0 &#8211; i<\/b><span style=\"font-family: Arial, sans-serif;\"><b>nspektor ds. kancelaryjnych, obs\u0142ugi interesant\u00f3w i archiwizacji<\/b> \u2013 Monika Cymer \u2013 Sa\u0142ata \u2013 pok\u00f3j 5 \u2013 62\u00a0752 18 61<\/span><strong><br \/><\/strong><\/p>\t\t\t\t\t\t<\/div>\n\t\t\t\t<\/div>\n\t\t\t\t<div class=\"elementor-element elementor-element-fa9fe41 elementor-widget__width-initial elementor-widget elementor-widget-text-editor\" data-id=\"fa9fe41\" data-element_type=\"widget\" data-widget_type=\"text-editor.default\">\n\t\t\t\t<div class=\"elementor-widget-container\">\n\t\t\t\t\t\t\t<p><img decoding=\"async\" class=\"alignnone\" src=\"https:\/\/www.zelazkow.pl\/wp-content\/uploads\/2024\/01\/Herb2-246x300.jpg\" alt=\"Herb\" width=\"33\" height=\"40\" \/><span style=\"font-family: Arial, sans-serif;\"><b>\u00a0 Referat finansowy<\/b> <br \/><\/span><\/p>\t\t\t\t\t\t<\/div>\n\t\t\t\t<\/div>\n\t\t\t\t<div class=\"elementor-element elementor-element-f0fbd4d elementor-widget elementor-widget-text-editor\" data-id=\"f0fbd4d\" data-element_type=\"widget\" data-widget_type=\"text-editor.default\">\n\t\t\t\t<div class=\"elementor-widget-container\">\n\t\t\t\t\t\t\t<p style=\"margin-bottom: 0cm; line-height: 150%;\">\u00a0<strong>\u00a0 \u2013<\/strong> <span style=\"font-family: Arial, sans-serif;\"><b>Skarbnik Gminy \u017belazk\u00f3w <\/b><\/span><span style=\"font-family: Arial, sans-serif;\">\u2013 Mariola Warszewska \u2013 pok\u00f3j 8 \u2013 62\u00a0752 18 70<br \/><strong>\u00a0\u00a0 \u2013<\/strong> <\/span><span style=\"font-family: Arial, sans-serif;\"><b>inspektor ds. dochod\u00f3w bud\u017cetu<\/b><\/span><span style=\"font-family: Arial, sans-serif;\"> \u2013 Justyna Wawrzonek \u2013 Ba\u0142was \u2013 pok\u00f3j 3 \u2013 62\u00a0752 18 65<br \/><strong>\u00a0\u00a0 \u2013<\/strong> <\/span><span style=\"font-family: Arial, sans-serif;\"><b>inspektor ds. bud\u017cetu<\/b><\/span><span style=\"font-family: Arial, sans-serif;\"> \u2013 Marta Kuci\u0144ska \u2013 pok\u00f3j 3 \u2013 62\u00a0752 18 65<br \/><strong>\u00a0\u00a0 \u2013 <\/strong><\/span><span style=\"font-family: Arial, sans-serif;\"><b>inspektor ds. p\u0142ac<\/b><\/span><span style=\"font-family: Arial, sans-serif;\"> \u2013 Joanna Stasiak \u2013 pok\u00f3j 3 \u2013 62\u00a0752 18 75<br \/>\u00a0<strong>\u00a0 \u2013 <\/strong><\/span><span style=\"font-family: Arial, sans-serif;\"><b>podinspektor ds. obs\u0142ugi kasowej i CEIDG <\/b><\/span><span style=\"font-family: Arial, sans-serif;\">\u2013 Marta Pawlak \u2013 pok\u00f3j 5 \u2013 62\u00a0752 18 61<br \/><strong>\u00a0\u00a0 \u2013<\/strong> <\/span><span style=\"font-family: Arial, sans-serif;\"><b>g\u0142\u00f3wny specjalista ds. ewidencji wymiaru podatku <\/b><\/span><span style=\"font-family: Arial, sans-serif;\">\u2013 Joanna Luty \u2013 pok\u00f3j 9 \u2013 62\u00a0752 18 72<br \/>\u00a0<strong>\u00a0 \u2013<\/strong> <\/span><span style=\"font-family: Arial, sans-serif;\"><b>inspektor ds. ksi\u0119gowo\u015bci podatkowej <\/b><\/span><span style=\"font-family: Arial, sans-serif;\">\u2013 Karolina Wawrzyniak \u2013 pok\u00f3j 9 \u2013 62\u00a0752 18 72<br \/><strong>\u00a0\u00a0 \u2013<\/strong> <\/span><span style=\"font-family: Arial, sans-serif;\"><b>inspektor ds. funduszu so\u0142eckiego<\/b><\/span><span style=\"font-family: Arial, sans-serif;\"> \u2013 Katarzyna Pelc \u2013 pok\u00f3j 9 \u2013 62\u00a0752 18 72<br \/><strong>\u00a0\u00a0 \u2013<\/strong> <\/span><span style=\"font-family: Arial, sans-serif;\"><b>inspektor ds. egzekucji podatk\u00f3w<\/b><\/span><span style=\"font-family: Arial, sans-serif;\"> \u2013 Ma\u0142gorzata Antoszczyk \u2013 pok\u00f3j 9a \u2013 62\u00a0752 18 73<\/span><\/p>\t\t\t\t\t\t<\/div>\n\t\t\t\t<\/div>\n\t\t\t\t<div class=\"elementor-element elementor-element-b9527a8 elementor-widget__width-initial elementor-widget elementor-widget-text-editor\" data-id=\"b9527a8\" data-element_type=\"widget\" data-widget_type=\"text-editor.default\">\n\t\t\t\t<div class=\"elementor-widget-container\">\n\t\t\t\t\t\t\t<p><img decoding=\"async\" src=\"https:\/\/www.zelazkow.pl\/wp-content\/uploads\/2024\/01\/Herb2-246x300.jpg\" alt=\"Herb\" width=\"33\" height=\"40\" \/><span style=\"font-family: Arial, sans-serif;\"><b>\u00a0 <\/b><\/span><span style=\"font-family: Arial, sans-serif;\"><b>Referat ochrony \u015brodowiska, gospodarki gruntami i lokalami i komunalizacji<\/b><\/span><\/p>\t\t\t\t\t\t<\/div>\n\t\t\t\t<\/div>\n\t\t\t\t<div class=\"elementor-element elementor-element-f329434 elementor-widget elementor-widget-text-editor\" data-id=\"f329434\" data-element_type=\"widget\" data-widget_type=\"text-editor.default\">\n\t\t\t\t<div class=\"elementor-widget-container\">\n\t\t\t\t\t\t\t<p><span style=\"font-family: Arial, sans-serif;\"><b>\u00a0\u00a0 &#8211; Kierownik referatu ochrony \u015brodowiska, gospodarki gruntami i lokalami i komunalizacji \u2013 <\/b>Justyna Kaczmarek \u2013 pok\u00f3j 6 \u2013 62\u00a0752 18 52<br \/><strong>\u00a0\u00a0 &#8211;<\/strong> <b>podinspektor ds. ochrony \u015brodowiska i infrastruktury wiejskiej<\/b> \u2013 Justyna Maniewska \u2013 pok\u00f3j 5 \u2013 62\u00a0752 18 53<br \/><strong>\u00a0\u00a0 &#8211;<\/strong> <b>inspektor ds. geodezji, gospodarki gruntami, gospodarki komunalnej i komunalizacji<\/b> \u2013 Ewelina Chojnacka \u2013 pok\u00f3j 5 \u2013 62\u00a0752 18 61<br \/><strong>\u00a0\u00a0 &#8211;<\/strong> <b>inspektor ds. wymiaru i poboru op\u0142at za gospodarowanie odpadami<\/b> komunalnymi \u2013 Ewelina Chabierska \u2013 pok\u00f3j 6 \u2013 62\u00a0752 18 62 <br \/>\u00a0<strong>\u00a0 &#8211; <\/strong><b>podinspektor ds. wymiaru i poboru op\u0142at za gospodarowanie odpadami komunalnymi <\/b>\u2013 Mateusz K\u0142osi\u0144ski \u2013 pok\u00f3j 6 \u2013 62\u00a0752 18 62<\/span><\/p>\t\t\t\t\t\t<\/div>\n\t\t\t\t<\/div>\n\t\t\t\t<div class=\"elementor-element elementor-element-200f617 elementor-widget__width-initial elementor-widget elementor-widget-text-editor\" data-id=\"200f617\" data-element_type=\"widget\" data-widget_type=\"text-editor.default\">\n\t\t\t\t<div class=\"elementor-widget-container\">\n\t\t\t\t\t\t\t<p><img decoding=\"async\" src=\"https:\/\/www.zelazkow.pl\/wp-content\/uploads\/2024\/01\/Herb2-246x300.jpg\" alt=\"Herb\" width=\"33\" height=\"40\" \/><span style=\"font-family: Arial, sans-serif;\"><b>\u00a0\u00a0 Referat o\u015bwiaty, kultury, sportu i zdrowia<\/b><\/span><\/p>\t\t\t\t\t\t<\/div>\n\t\t\t\t<\/div>\n\t\t\t\t<div class=\"elementor-element elementor-element-c1e166d elementor-widget elementor-widget-text-editor\" data-id=\"c1e166d\" data-element_type=\"widget\" data-widget_type=\"text-editor.default\">\n\t\t\t\t<div class=\"elementor-widget-container\">\n\t\t\t\t\t\t\t<p><span style=\"font-family: Arial, sans-serif;\"><b>\u00a0\u00a0 &#8211; Zast\u0119pca W\u00f3jta; Kierownik referatu o\u015bwiaty, kultury, sportu i zdrowia<\/b><\/span><span style=\"font-family: Arial, sans-serif;\"> \u2013 Anna Sar \u2013\u00a0<\/span><span style=\"font-family: Arial, sans-serif;\">Sala \u015alub\u00f3w<\/span><span style=\"font-family: Arial, sans-serif;\"> \u2013 62\u00a0752 18 63<br \/>\u00a0<\/span><strong><span style=\"font-family: Arial, sans-serif;\">\u00a0 &#8211;<\/span><\/strong> <span style=\"font-family: Arial, sans-serif;\"><b>inspektor ds. o\u015bwiaty, zdrowia, profilaktyki i rozwi\u0105zywania problem\u00f3w alkoholowych oraz wybor\u00f3w wszystkich szczebli<\/b><\/span><span style=\"font-family: Arial, sans-serif;\"> \u2013 Marta Wawrzyniak \u2013 pok\u00f3j 13 \u2013 \u00a0 \u00a0 \u00a0\u00a0 \u00a0\u00a0\u00a0 62\u00a0752 18 56<br \/>\u00a0\u00a0<\/span><strong><span style=\"font-family: Arial, sans-serif;\"> &#8211;<\/span><\/strong> <span style=\"font-family: Arial, sans-serif;\"><b>inspektor ds. promocji, kultury i sportu<\/b><\/span><span style=\"font-family: Arial, sans-serif;\"> \u2013 Ma\u0142gorzata Ka\u0142u\u017cna \u2013 pok\u00f3j 13 \u2013 62\u00a0752 18 56 \u00a0 <br \/><\/span><\/p>\t\t\t\t\t\t<\/div>\n\t\t\t\t<\/div>\n\t\t\t\t<div class=\"elementor-element elementor-element-0b89fba elementor-widget__width-initial elementor-widget elementor-widget-text-editor\" data-id=\"0b89fba\" data-element_type=\"widget\" data-widget_type=\"text-editor.default\">\n\t\t\t\t<div class=\"elementor-widget-container\">\n\t\t\t\t\t\t\t<p><img decoding=\"async\" src=\"https:\/\/www.zelazkow.pl\/wp-content\/uploads\/2024\/01\/Herb2-246x300.jpg\" alt=\"Herb\" width=\"33\" height=\"40\" \/><span style=\"font-family: Arial, sans-serif;\"><b>\u00a0 Referat planowania przestrzennego, komunikacji, inwestycji i funduszy pomocowych<\/b><\/span><\/p>\t\t\t\t\t\t<\/div>\n\t\t\t\t<\/div>\n\t\t\t\t<div class=\"elementor-element elementor-element-2b2c16b elementor-widget elementor-widget-text-editor\" data-id=\"2b2c16b\" data-element_type=\"widget\" data-widget_type=\"text-editor.default\">\n\t\t\t\t<div class=\"elementor-widget-container\">\n\t\t\t\t\t\t\t<p><span style=\"font-family: Arial, sans-serif;\"><b>\u00a0\u00a0 &#8211; Kierownik referatu planowania przestrzennego, komunikacji, inwestycji i funduszy pomocowych <\/b>\u2013 Dawid \u017babi\u0144ski \u2013 pok\u00f3j 10 \u2013 62\u00a0752 18 51<br \/><strong>\u00a0\u00a0 &#8211;<\/strong> <b>podinspektor ds. planowania przestrzennego i obs\u0142ugi inwestor\u00f3w<\/b> \u2013 Aleksandra Gnerowicz \u2013 pok\u00f3j 2 \u2013 62\u00a0752 18 55<br \/><strong>\u00a0\u00a0 &#8211;<\/strong> <b>inspektor ds. drogownictwa, o\u015bwietlenia ulicznego i ochrony zabytk\u00f3w<\/b> \u2013 Ewa Nawrot \u2013 pok\u00f3j 2 \u2013 62\u00a0752 18 55\u00a0 <br \/><strong>\u00a0\u00a0 &#8211;<\/strong> <b>inspektor ds. ustalania warunk\u00f3w zabudowy i zagospodarowania terenu<\/b> \u2013 Weronika Dru\u017cbiak \u2013 pok\u00f3j 2 \u2013 62\u00a0752 18 55<br \/><strong>\u00a0\u00a0 &#8211;<\/strong> <b>inspektor ds. inwestycji, transportu publicznego oraz pozyskiwaniu funduszy unijnych i pomocowych<\/b> \u2013 Zbigniew Sztr\u0105pf \u2013 pok\u00f3j 2 \u2013 62\u00a0752 18 59<\/span><\/p>\t\t\t\t\t\t<\/div>\n\t\t\t\t<\/div>\n\t\t\t\t<div class=\"elementor-element elementor-element-1ffc30b elementor-widget__width-initial elementor-widget elementor-widget-text-editor\" data-id=\"1ffc30b\" data-element_type=\"widget\" data-widget_type=\"text-editor.default\">\n\t\t\t\t<div class=\"elementor-widget-container\">\n\t\t\t\t\t\t\t<p><img decoding=\"async\" src=\"https:\/\/www.zelazkow.pl\/wp-content\/uploads\/2024\/01\/Herb2-246x300.jpg\" alt=\"Herb\" width=\"33\" height=\"40\" \/><span style=\"font-family: Arial, sans-serif;\"><b>\u00a0 Urz\u0105d Stanu Cywilnego<\/b><\/span><\/p>\t\t\t\t\t\t<\/div>\n\t\t\t\t<\/div>\n\t\t\t\t<div class=\"elementor-element elementor-element-3992a96 elementor-widget elementor-widget-text-editor\" data-id=\"3992a96\" data-element_type=\"widget\" data-widget_type=\"text-editor.default\">\n\t\t\t\t<div class=\"elementor-widget-container\">\n\t\t\t\t\t\t\t<p><span style=\"font-family: Arial, sans-serif;\"><b>\u00a0\u00a0 &#8211; Zast\u0119pca Kierownika USC \u2013 <\/b>Izabela Nowak \u2013 pok\u00f3j 1 \u2013 62\u00a0752 18 54<br \/>\u00a0<strong>\u00a0 &#8211;<\/strong> <b>inspektor ds. obywatelskich, ewidencji ludno\u015bci i dowod\u00f3w osobistych \u2013 <\/b>Marta Kurek \u2013 pok\u00f3j 1 \u2013 62\u00a0752 18 54<\/span><\/p>\t\t\t\t\t\t<\/div>\n\t\t\t\t<\/div>\n\t\t\t\t<div class=\"elementor-element elementor-element-ae38f80 elementor-widget__width-initial elementor-widget elementor-widget-text-editor\" data-id=\"ae38f80\" data-element_type=\"widget\" data-widget_type=\"text-editor.default\">\n\t\t\t\t<div class=\"elementor-widget-container\">\n\t\t\t\t\t\t\t<p><img decoding=\"async\" class=\"alignnone\" src=\"https:\/\/www.zelazkow.pl\/wp-content\/uploads\/2024\/01\/Herb2-246x300.jpg\" alt=\"Herb\" width=\"33\" height=\"40\" \/><span style=\"font-family: Arial, sans-serif;\"><br \/><\/span><\/p>\t\t\t\t\t\t<\/div>\n\t\t\t\t<\/div>\n\t\t\t\t<div class=\"elementor-element elementor-element-9fbdeff elementor-widget elementor-widget-text-editor\" data-id=\"9fbdeff\" data-element_type=\"widget\" data-widget_type=\"text-editor.default\">\n\t\t\t\t<div class=\"elementor-widget-container\">\n\t\t\t\t\t\t\t<p><span style=\"font-family: Arial, sans-serif;\"><b>\u00a0\u00a0 &#8211; Pe\u0142nomocnik ds. Ochrony Informacji Niejawnych, Inspektor Ochrony Danych Osobowych oraz ochrony sygnalist\u00f3w \u2013 <\/b>Andrzej Krupi\u0144ski \u2013 pok\u00f3j 7 \u2013<br \/>\u00a0\u00a0\u00a0 \u00a0 \u00a0 62 752 18 63 \u00a0 <br \/><strong>\u00a0\u00a0 &#8211;<\/strong> <b>Inspektor ds. obrony cywilnej, obronno\u015bci, wojskowo\u015bci, po\u017carnictwa i stan\u00f3w nadzwyczajnych \u2013 <\/b>Marta Czarnecka \u2013 pok\u00f3j 12 \u2013 62\u00a0752 18 58<\/span><\/p>\t\t\t\t\t\t<\/div>\n\t\t\t\t<\/div>\n\t\t\t\t\t<\/div>\n\t\t<\/div>\n\t\t\t\t\t\t\t<\/div>\n\t\t<\/section>\n\t\t\t\t\t\t\t<\/div>\n\t\t","protected":false},"excerpt":{"rendered":"<p>\u00a0 W\u00f3jt Gminy \u017belazk\u00f3w \u2013 Micha\u0142 Kraszkiewicz \u2013 pok\u00f3j 11 \u2013 62\u00a0752 18 80 &nbsp; Zast\u0119pca W\u00f3jta Gminy \u017belazk\u00f3w \u2013 Anna Sar \u2013 Sala \u015alub\u00f3w \u2013 62&nbsp;752 18 63 \u00a0 Referat administracyjny \u00a0\u00a0 &#8211; Sekretarz Gminy \u017belazk\u00f3w \u2013 Jaros\u0142aw Matusiak \u2013\u00a0pok\u00f3j 13 \u2013 62\u00a0752 18 57\u00a0\u00a0 &#8211; podinspektor. ds. organizacyjnych i Rady Gminy &#8211; Agnieszka [&hellip;]<\/p>\n","protected":false},"author":1,"featured_media":0,"parent":6229,"menu_order":0,"comment_status":"closed","ping_status":"closed","template":"","meta":{"footnotes":""},"folder":[],"_links":{"self":[{"href":"https:\/\/www.zelazkow.pl\/index.php?rest_route=\/wp\/v2\/pages\/6658"}],"collection":[{"href":"https:\/\/www.zelazkow.pl\/index.php?rest_route=\/wp\/v2\/pages"}],"about":[{"href":"https:\/\/www.zelazkow.pl\/index.php?rest_route=\/wp\/v2\/types\/page"}],"author":[{"embeddable":true,"href":"https:\/\/www.zelazkow.pl\/index.php?rest_route=\/wp\/v2\/users\/1"}],"replies":[{"embeddable":true,"href":"https:\/\/www.zelazkow.pl\/index.php?rest_route=%2Fwp%2Fv2%2Fcomments&post=6658"}],"version-history":[{"count":74,"href":"https:\/\/www.zelazkow.pl\/index.php?rest_route=\/wp\/v2\/pages\/6658\/revisions"}],"predecessor-version":[{"id":8731,"href":"https:\/\/www.zelazkow.pl\/index.php?rest_route=\/wp\/v2\/pages\/6658\/revisions\/8731"}],"up":[{"embeddable":true,"href":"https:\/\/www.zelazkow.pl\/index.php?rest_route=\/wp\/v2\/pages\/6229"}],"wp:attachment":[{"href":"https:\/\/www.zelazkow.pl\/index.php?rest_route=%2Fwp%2Fv2%2Fmedia&parent=6658"}],"wp:term":[{"taxonomy":"folder","embeddable":true,"href":"https:\/\/www.zelazkow.pl\/index.php?rest_route=%2Fwp%2Fv2%2Ffolder&post=6658"}],"curies":[{"name":"wp","href":"https:\/\/api.w.org\/{rel}","templated":true}]}}